{"version":"1.0","provider_name":"VERSBEJEGYZ\u00c9S","provider_url":"https:\/\/saudade.cafeblog.hu","author_name":"Lipp M\u00e1rta","author_url":"https:\/\/saudade.cafeblog.hu\/author\/lipp-marta\/","title":"AZ ELS\u0150 SZAKMAI TAPASZTALAT","html":"<p><img class=\"alignnone wp-image-195 size-large\" src=\"https:\/\/saudade.cafeblog.hu\/files\/2017\/07\/IMG_20160907_163216-450x600.jpg\" alt=\"\" width=\"450\" height=\"600\" \/><\/p>\r\n<p>&nbsp;<\/p>\r\n<h2>Az els\u0151 szakmai tapasztalat<\/h2>\r\n<p>&nbsp;<\/p>\r\n<p><strong>Tizen\u00f6t \u00e9ves koromban oda voltam<\/strong><\/p>\r\n<p><strong>a versek\u00e9rt. A bar\u00e1tn\u0151mmel a koll\u00e9giumban<\/strong><\/p>\r\n<p><strong>kimen\u0151 helyett verseket tanultunk.<\/strong><\/p>\r\n<p><strong>\u0150 egykedv\u0171 l\u00e1ny volt, \u00e9s hatott r\u00e1m<\/strong><\/p>\r\n<p><strong>a kiz\u00f6kkenthetetlens\u00e9ge. \u00c9n sokszor<\/strong><\/p>\r\n<p><strong>b\u00fcntet\u00e9sben voltam, \u00e9s elhat\u00e1roztam,<\/strong><\/p>\r\n<p><strong>hogy a magam akarat\u00e1b\u00f3l<\/strong><\/p>\r\n<p><strong>nem megyek kimen\u0151re.<\/strong><\/p>\r\n<p>&nbsp;<\/p>\r\n<p><strong>De a szomsz\u00e9dos k\u00f6nyvt\u00e1rba kij\u00e1rhattam, ha<\/strong><\/p>\r\n<p><strong>akartam. Egy pesti egyetemista fi\u00fa, nem is hum\u00e1n,<\/strong><\/p>\r\n<p><strong>t\u00edz oldalas leveleket \u00edrt nekem<\/strong><\/p>\r\n<p><strong>az irodalomr\u00f3l, ami t\u00falment a gimn\u00e1ziumi \u00f3r\u00e1n.<\/strong><\/p>\r\n<p><strong>Ennek hat\u00e1s\u00e1ra elk\u00e9rtem a k\u00f6nyvt\u00e1rost\u00f3l<\/strong><\/p>\r\n<p><strong>a Nagyvil\u00e1got, hogy elolvassam<br \/><\/strong><\/p>\r\n<p><strong>Salinger novell\u00e1j\u00e1t a ban\u00e1nhalakr\u00f3l.<\/strong><\/p>\r\n<p>&nbsp;<\/p>\r\n<p><strong>De sajnos nem eml\u00e9kszem semmire<\/strong><\/p>\r\n<p><strong>bel\u0151le, a k\u00f6nyvt\u00e1ros a h\u00e1tt\u00e9rben lesben<br \/><\/strong><\/p>\r\n<p><strong>\u00e1llt, hogy hivat\u00e1sa tudat\u00e1ban megbesz\u00e9lje<\/strong><\/p>\r\n<p><strong>velem a novell\u00e1t. \u00c9n elslisszoltam,<\/strong><\/p>\r\n<p><strong>mikor nem volt \u00e9ppen ott. Az\u00f3ta szeretn\u00e9m<\/strong><\/p>\r\n<p><strong>nagyon\u00a0 elolvasni a ban\u00e1nhalas \u00edr\u00e1st,<\/strong><\/p>\r\n<p><strong>hogy mir\u0151l sz\u00f3lt. De m\u00e9g az\u00f3ta se merem,<\/strong><\/p>\r\n<p><strong>visszatart az \u00e9rtelmez\u00e9s r\u00e9m\u00fclete. De azt\u00e1n<\/strong><\/p>\r\n<p><strong>nemsok\u00e1ra\u00a0 magam is erre a p\u00e1ly\u00e1ra l\u00e9ptem.<\/strong><\/p>\r\n<p><strong>\u00a0\u00a0\u00a0\u00a0\u00a0\u00a0\u00a0\u00a0\u00a0\u00a0\u00a0\u00a0\u00a0\u00a0\u00a0\u00a0\u00a0\u00a0\u00a0\u00a0\u00a0\u00a0\u00a0\u00a0\u00a0\u00a0\u00a0\u00a0\u00a0\u00a0\u00a0\u00a0\u00a0\u00a0\u00a0\u00a0\u00a0\u00a0\u00a0\u00a0\u00a0\u00a0\u00a0\u00a0\u00a0\u00a0\u00a0\u00a0\u00a0 Lipp M\u00e1rta verse<\/strong><\/p>\r\n<ol start=\"2017\">\r\n<li><strong>j\u00falius 13.<\/strong><\/li>\r\n<\/ol>\r\n<p>&nbsp;<\/p>\r\n<p>K\u00e9p: Saj\u00e1t elrontott fot\u00f3, 2016.<\/p>","type":"rich"}