{"version":"1.0","provider_name":"VERSBEJEGYZ\u00c9S","provider_url":"https:\/\/saudade.cafeblog.hu","author_name":"Lipp M\u00e1rta","author_url":"https:\/\/saudade.cafeblog.hu\/author\/lipp-marta\/","title":"ELVISELHETETLEN","html":"<p><img class=\"alignnone wp-image-474 size-full\" src=\"https:\/\/saudade.cafeblog.hu\/files\/2017\/09\/\u00edrisz.jpg\" alt=\"\" width=\"260\" height=\"347\" \/><\/p>\r\n<p>&nbsp;<\/p>\r\n<h2>elviselhetetlen<\/h2>\r\n<p>&nbsp;<\/p>\r\n<p><strong>a szem mindent<\/strong><\/p>\r\n<p><strong>regisztr\u00e1l de te nem biztos<\/strong><\/p>\r\n<p><strong>hogy \u00e9szreveszed ut\u00f3lagos<\/strong><\/p>\r\n<p><strong>lehet ha bajban vagy megjelenik<\/strong><\/p>\r\n<p><strong>ha engeded \u00e9s seg\u00edt ha<\/strong><\/p>\r\n<p><strong>elviseled \u00edgy van ez<\/strong><\/p>\r\n<p><strong>a t\u00f6bbi \u00e9rz\u00e9kszervvel is csakhogy<\/strong><\/p>\r\n<p><strong>\u00e9rezni majdnem elviselhetetlen<\/strong><\/p>\r\n<p><strong>tiszt\u00e1n gy\u0171l\u00f6lni<\/strong><\/p>\r\n<p><strong>vagy szeretni kell.<\/strong><\/p>\r\n<p><strong>a viszonyul\u00e1s elleplezhetetlen<\/strong><\/p>\r\n<p><strong>volna amit l\u00e1t a szem<\/strong><\/p>\r\n<p><strong>\u00e9s a zsigerig elmen\u0151 \u00e9rz\u00e9k<\/strong><\/p>\r\n<p><strong>el\u00e9g b\u00e1tor vagy hogy felfogd?<\/strong><\/p>\r\n<p>&nbsp;<\/p>\r\n<ol start=\"2017\">\r\n<li><strong>szeptember 22.<\/strong><\/li>\r\n<\/ol>\r\n<p>&nbsp;<\/p>\r\n<p><strong>Lipp M\u00e1rta verse<\/strong><\/p>\r\n<p>&nbsp;<\/p>\r\n<p><strong>K\u00e9p: \u00cdrisz.<\/strong><\/p>","type":"rich"}