{"version":"1.0","provider_name":"VERSBEJEGYZ\u00c9S","provider_url":"https:\/\/saudade.cafeblog.hu","author_name":"Lipp M\u00e1rta","author_url":"https:\/\/saudade.cafeblog.hu\/author\/lipp-marta\/","title":"J\u00c9GVIR\u00c1G","html":"<p><img class=\"alignnone wp-image-510 size-full\" src=\"https:\/\/saudade.cafeblog.hu\/files\/2017\/09\/j\u00e9gvir\u00e1g2.jpeg\" alt=\"\" width=\"225\" height=\"225\" \/><\/p>\r\n<p>&nbsp;<\/p>\r\n<h2>j\u00e9gvir\u00e1g<\/h2>\r\n<p>&nbsp;<\/p>\r\n<p><strong>z\u0171rzavaros \u00e1lmaimban<\/strong><\/p>\r\n<p><strong>egyetlen tiszta n\u00e9ma pont<\/strong><\/p>\r\n<p><strong>van a nyom\u00e1ban l\u00e1thatatlan<\/strong><\/p>\r\n<p><strong>es\u0151csepp belepottyan a h\u00f3ba<\/strong><\/p>\r\n<p><strong>\u00e9ppen oda ahol f\u00e1j<\/strong><\/p>\r\n<p><strong>kibomlik egy sz\u00fcrke \u00e1rny a t\u00e1gra<\/strong><\/p>\r\n<p><strong>z\u00e1rt mosoly a mell\u00e9kes sz\u00f3 a pillant\u00e1s<\/strong><\/p>\r\n<p><strong>hi\u00e1nya kioltott<\/strong><\/p>\r\n<p><strong>szikra hamut sz\u00f3r a sz\u00edv<\/strong><\/p>\r\n<p><strong>elhallgattatott mozdul\u00e1sa r\u00e1borul<\/strong><\/p>\r\n<p><strong>a h\u00f3ra ahol eddig<\/strong><\/p>\r\n<p><strong>senki nem j\u00e1rt a pont<\/strong><\/p>\r\n<p><strong>nem m\u00falik el kiny\u00edlik<\/strong><\/p>\r\n<p><strong>bel\u0151le egy apr\u00f3 j\u00e9gvir\u00e1g gyere<\/strong><\/p>\r\n<p><strong>mutatja hova \u00e9n vagyok<\/strong><\/p>\r\n<p><strong>az egyetlen vir\u00e1g nem hervadok<\/strong><\/p>\r\n<p><strong>el soha egy kicsinyke<\/strong><\/p>\r\n<p><strong>sug\u00e1r a lelkemben lassan<\/strong><\/p>\r\n<p><strong>sz\u00e9t\u00e1rad a b\u00e1nat felold\u00f3dik<\/strong><\/p>\r\n<p><strong>a j\u00e9gvir\u00e1gban<\/strong><\/p>\r\n<ol start=\"2017\">\r\n<li><strong>szeptember 27.<\/strong><\/li>\r\n<\/ol>\r\n<p>&nbsp;<\/p>\r\n<p><strong>Lipp M\u00e1rta verse<\/strong><\/p>","type":"rich"}