{"version":"1.0","provider_name":"VERSBEJEGYZ\u00c9S","provider_url":"https:\/\/saudade.cafeblog.hu","author_name":"Lipp M\u00e1rta","author_url":"https:\/\/saudade.cafeblog.hu\/author\/lipp-marta\/","title":"KAM\u00c9LEON \u00c9S MIM\u00d3ZA","html":"<p><img class=\"alignnone wp-image-598 size-large\" src=\"https:\/\/saudade.cafeblog.hu\/files\/2017\/10\/thumbs.web_.sapo_.ioa_-600x300.jpeg\" alt=\"\" width=\"600\" height=\"300\" \/><\/p>\r\n<p>&nbsp;<\/p>\r\n<h2>kam\u00e9leon \u00e9s mim\u00f3za<\/h2>\r\n<p>&nbsp;<\/p>\r\n<p><strong>tal\u00e1n rendszertanilag nem<\/strong><\/p>\r\n<p><strong>de szellemileg g\u00e9nrokon<\/strong><\/p>\r\n<p><strong>a kam\u00e9leon \u00e9s a mim\u00f3za<\/strong><\/p>\r\n<p><strong>az er\u0151szakos \u00e9s a gy\u00e1va<\/strong><\/p>\r\n<p><strong>mind a kett\u0151 \u0171rt t\u00f6lt be<\/strong><\/p>\r\n<p><strong>az emberi \u00e9letbe. ahogy Ha-Nocri<\/strong><\/p>\r\n<p><strong>megmondta a b\u0171n\u00f6k legnagyobbika<\/strong><\/p>\r\n<p><strong>a gy\u00e1vas\u00e1g nem a f\u00e9lelem t\u00e1pl\u00e1lja hanem<\/strong><\/p>\r\n<p><strong>a term\u00e9szetellenes ugyanabban a<\/strong><\/p>\r\n<p><strong>bokorban j\u00f6n a vil\u00e1gra<\/strong><\/p>\r\n<p><strong>mint az er\u0151szak el\u0151sz\u00f6rre<\/strong><\/p>\r\n<p><strong>tal\u00e1n \u0151t se a brut\u00e1lis hozza l\u00e9tre<\/strong><\/p>\r\n<p><strong>hanem a k\u00e9pmutat\u00f3 <\/strong><\/p>\r\n<p><strong>p\u00f6ffeszked\u0151 affektamajom mint akit <\/strong><\/p>\r\n<p><strong>nem el\u00e9g\u00edt ki az \u00e9let megj\u00e1tssza a s\u00e1paszt\u00f3<\/strong><\/p>\r\n<p><strong>k\u00e9ket a fellegekben<\/strong><\/p>\r\n<p><strong>sosemvolt sz\u00ednekben m\u00e1sodik<\/strong><\/p>\r\n<p><strong>term\u00e9szete a hamis<\/strong><\/p>\r\n<p><strong>nevel\u0151 nem hagyja szeretni ami<\/strong><\/p>\r\n<p><strong>a k\u00f6z\u00f6ns\u00e9ges ember sz\u00e1m\u00e1ra \u00f6r\u00f6m \u00fcld\u00f6zi<\/strong><\/p>\r\n<p><strong>\u00f6nmag\u00e1t\u00f3l nem teszi<br \/><\/strong><\/p>\r\n<p><strong>soha csak er\u0151szakra de akkor<\/strong><\/p>\r\n<p><strong>nagyon ahogy<\/strong><\/p>\r\n<p><strong>a kam\u00e9leon mesterk\u00e9lten<\/strong><\/p>\r\n<p><strong>a term\u00e9szet sz\u00edneit<\/strong><\/p>\r\n<p><strong>dobja f\u00f6l arra ami gyal\u00e1zatos a mim\u00f3za<\/strong><\/p>\r\n<p><strong>k\u00f6rbefalazza a term\u00e9szetet mint gyal\u00e1zatot<\/strong><\/p>\r\n<p><strong>vagy ford\u00edtva<\/strong><\/p>\r\n<p>&nbsp;<\/p>\r\n<p><strong>2017. okt\u00f3ber 9.<\/strong><\/p>\r\n<p><strong>Lipp M\u00e1rta verse<\/strong><\/p>\r\n<p>&nbsp;<\/p>\r\n<p><strong>Ha-Nocri J\u00e9zus neve Bulgakov A mester \u00e9s Margarita c. reg\u00e9ny\u00e9ben.<\/strong><\/p>","type":"rich"}