{"version":"1.0","provider_name":"VERSBEJEGYZ\u00c9S","provider_url":"https:\/\/saudade.cafeblog.hu","author_name":"Lipp M\u00e1rta","author_url":"https:\/\/saudade.cafeblog.hu\/author\/lipp-marta\/","title":"Amit tudtam az nem az volt","html":"<p><img class=\"alignnone wp-image-724 size-full\" src=\"https:\/\/saudade.cafeblog.hu\/files\/2017\/12\/Gizi-m\u00e1s-k\u00e9p.jpg\" alt=\"\" width=\"276\" height=\"182\" \/><\/p>\r\n<p>&nbsp;<\/p>\r\n<p><strong>Amit tudtam az nem az volt<\/strong><\/p>\r\n<p><strong>hogy mit akarok<\/strong><\/p>\r\n<p><strong>sose tudtam j\u00f3l<\/strong><\/p>\r\n<p><strong>el\u0151re de ma m\u00e1r<\/strong><\/p>\r\n<p><strong>\u00e9szreveszem hogy egyfel\u00e9<\/strong><\/p>\r\n<p><strong>h\u00faznak azok a<\/strong><\/p>\r\n<p><strong>l\u00e9p\u00e9sek amiket<\/strong><\/p>\r\n<p><strong>\u00f6nk\u00e9ntelen\u00fcl teszek.<\/strong><\/p>\r\n<p><strong>Most is csak ennyit tudok<\/strong><\/p>\r\n<p><strong>\u00e9s nem veszem le<\/strong><\/p>\r\n<p><strong>t\u00f6bb\u00e9 r\u00f3luk a szemem<\/strong><\/p>\r\n<p><strong>\u00a0<\/strong><\/p>\r\n<ol start=\"2017\">\r\n<li><strong> december 1.<\/strong><\/li>\r\n<\/ol>\r\n<p><strong>\u00a0<\/strong><\/p>\r\n<p><strong>Lipp M\u00e1rta verse<\/strong><\/p>","type":"rich"}