{"version":"1.0","provider_name":"VERSBEJEGYZ\u00c9S","provider_url":"https:\/\/saudade.cafeblog.hu","author_name":"Lipp M\u00e1rta","author_url":"https:\/\/saudade.cafeblog.hu\/author\/lipp-marta\/","title":"n\u00e9gy haiku","html":"<p><img class=\"alignnone size-medium wp-image-904\" src=\"https:\/\/saudade.cafeblog.hu\/files\/2018\/04\/ibolya-2-209x300.jpg\" alt=\"\" width=\"209\" height=\"300\" \/><\/p>\r\n<p>&nbsp;<\/p>\r\n<p>az ablakon \u00e1t<\/p>\r\n<p>f\u0171z\u00f6geti mag\u00e1t le<\/p>\r\n<p>\u00e9s f\u00f6l egy felh\u0151<\/p>\r\n<p>&nbsp;<\/p>\r\n<p>***<\/p>\r\n<p>&nbsp;<\/p>\r\n<p>a hihetetlen<\/p>\r\n<p>ehhez k\u00e9pest \u00faj hat\u00e1rt<\/p>\r\n<p>szabhat mag\u00e1nak<\/p>\r\n<p>&nbsp;<\/p>\r\n<p>***<\/p>\r\n<p>&nbsp;<\/p>\r\n<p>csak a tehets\u00e9g<\/p>\r\n<p>csalhat b\u00fcntetlen\u00fcl de<\/p>\r\n<p>neki meg nem kell<\/p>\r\n<p>&nbsp;<\/p>\r\n<p>***<\/p>\r\n<p>&nbsp;<\/p>\r\n<p>egy iboly\u00e1cska<\/p>\r\n<p>\u00e9pp most rejti el mag\u00e1t<\/p>\r\n<p>egy l\u00f3l\u00e1b alatt<\/p>\r\n<p>&nbsp;<\/p>\r\n<p>&nbsp;<\/p>\r\n<ol start=\"2018\">\r\n<li>\u00e1prilis 6.<\/li>\r\n<\/ol>\r\n<p>Lipp M\u00e1rta verse<\/p>","type":"rich"}