{"version":"1.0","provider_name":"VERSBEJEGYZ\u00c9S","provider_url":"https:\/\/saudade.cafeblog.hu","author_name":"Lipp M\u00e1rta","author_url":"https:\/\/saudade.cafeblog.hu\/author\/lipp-marta\/","title":"nem hittem volna.","html":"<p><img class=\"alignnone wp-image-1163 size-large\" src=\"https:\/\/saudade.cafeblog.hu\/files\/2018\/10\/illusztr\u00e1ci\u00f3-600x600.jpg\" alt=\"\" width=\"600\" height=\"600\" \/><\/p>\r\n<p>&nbsp;<\/p>\r\n<p>nem hittem volna<\/p>\r\n<p>hogy tov\u00e1bbtolja valaki a mutat\u00f3t<\/p>\r\n<p>k\u00e9ken \u00e1llt a v\u00edz a g\u00e1z m\u00e9g a villany<\/p>\r\n<p>is, \u00e9s \u00e9n is. el\u0151sz\u00f6r j\u00e1t\u00e9knak hittem<\/p>\r\n<p>beugrottak a klis\u00e9k v\u00e9g\u00fcl is a k\u00e9k<\/p>\r\n<p>nem \u00f6nmag\u00e1ban \u00e9l nem kell megijedni<\/p>\r\n<p>valami csak \u00e1tsz\u00ednezi hiszen a k\u00e9k el\u0151nye<\/p>\r\n<p>hogy m\u00e1s sz\u00edn \u00e1ltal \u00e9l. de ez nem volt<\/p>\r\n<p>sem \u00e9g se foly\u00f3 se ac\u00e9l<\/p>\r\n<p>nem volt puha \u00e9s nem volt kem\u00e9ny<\/p>\r\n<p>porhany\u00f3s volt mint a f\u00f6ld amit iboly\u00e1ba<\/p>\r\n<p>forgat a szenved\u00e9ly. hogyhogy ilyen m\u00e9ly<\/p>\r\n<p>nem mozdul marad mint a v\u00e9ral\u00e1fut\u00e1s<\/p>\r\n<p>lassan megmutatja mag\u00e1t. ez \u00e9n?<\/p>\r\n<p>ennyi k\u00e9k, ennyi k\u00e9k. te l\u00e1ny, aki tudod<\/p>\r\n<p>a k\u00e9kek titk\u00e1t, a szilv\u00e1\u00e9t \u00e9s az az\u00fark\u00e9k tenger\u00e9t<\/p>\r\n<p>te vitted tov\u00e1bb a mutat\u00f3t?<\/p>\r\n<p>&nbsp;<\/p>\r\n<p>2018. okt\u00f3ber 20.<\/p>\r\n<p>Lipp M\u00e1rta verse<\/p>","type":"rich"}