{"version":"1.0","provider_name":"VERSBEJEGYZ\u00c9S","provider_url":"https:\/\/saudade.cafeblog.hu","author_name":"Lipp M\u00e1rta","author_url":"https:\/\/saudade.cafeblog.hu\/author\/lipp-marta\/","title":"h\u00e1t igen a t\u00e9ma s\u00falyosabb","html":"<p><img class=\"alignnone wp-image-1267 size-medium\" src=\"https:\/\/saudade.cafeblog.hu\/files\/2019\/05\/Portug\u00e1l-d\u00edsz-4-200x300.jpg\" alt=\"\" width=\"200\" height=\"300\" \/><\/p>\r\n<p>&nbsp;<\/p>\r\n<p>h\u00e1t igen a t\u00e9ma s\u00falyosabb<\/p>\r\n<p>&nbsp;<\/p>\r\n<p>mint a gondolat<\/p>\r\n<p>ez nem vit\u00e1s<\/p>\r\n<p>t\u00e9tje van<\/p>\r\n<p>nem sugdos a f\u00fcledbe<\/p>\r\n<p>nem old f\u00f6l \u00e9s nem vil\u00e1g\u00edt r\u00e1<\/p>\r\n<p>semmire nem f\u00e9nyb\u0151l van<\/p>\r\n<p>massz\u00edv anyag \u00e9s rettenetesen<\/p>\r\n<p>makacs ki\u00fct minden gondolatot<\/p>\r\n<p>nem akar r\u00e1venni semmire<\/p>\r\n<p>m\u00e9g arra sem hogy megfogalmazd<\/p>\r\n<p>neki j\u00f3 ha hom\u00e1lyban van<\/p>\r\n<p>\u00e9s sz\u00e9p nyugodtan kiv\u00e1rja<\/p>\r\n<p>m\u00edg belegub\u00f3z a n\u00e9mas\u00e1gba<\/p>\r\n<p>hogy m\u00e1r senkihez sincs szavad.<\/p>\r\n<p>&nbsp;<\/p>\r\n<ol start=\"2019\">\r\n<li>m\u00e1jus 3.<\/li>\r\n<\/ol>\r\n<p>Lipp M\u00e1rta verse<\/p>","type":"rich"}